{"version":"1.0","provider_name":"Confecomer\u00e7","provider_url":"https:\/\/confecomerc.es\/va\/","author_name":"CONFECOMER\u00c7 CV","author_url":"https:\/\/confecomerc.es\/va\/author\/confe-admin-cv\/","title":"Carlos Ba\u00f1o asume la presidencia de Facpyme - Confecomer\u00e7","type":"rich","width":600,"height":338,"html":"<blockquote class=\"wp-embedded-content\" data-secret=\"am06hBV3FW\"><a href=\"https:\/\/confecomerc.es\/va\/carlos-bano-asume-la-presidencia-de-facpyme\/\">Carlos Ba\u00f1o asume la presidencia de Facpyme<\/a><\/blockquote><iframe sandbox=\"allow-scripts\" security=\"restricted\" src=\"https:\/\/confecomerc.es\/va\/carlos-bano-asume-la-presidencia-de-facpyme\/embed\/#?secret=am06hBV3FW\" width=\"600\" height=\"338\" title=\"&#8220;Carlos Ba\u00f1o asume la presidencia de Facpyme&#8221; &#8212; Confecomer\u00e7\" data-secret=\"am06hBV3FW\" frameborder=\"0\" marginwidth=\"0\" marginheight=\"0\" scrolling=\"no\" class=\"wp-embedded-content\"><\/iframe><script type=\"text\/javascript\">\n\/* <![CDATA[ *\/\n\/*! This file is auto-generated *\/\n!function(d,l){\"use strict\";l.querySelector&&d.addEventListener&&\"undefined\"!=typeof URL&&(d.wp=d.wp||{},d.wp.receiveEmbedMessage||(d.wp.receiveEmbedMessage=function(e){var t=e.data;if((t||t.secret||t.message||t.value)&&!\/[^a-zA-Z0-9]\/.test(t.secret)){for(var s,r,n,a=l.querySelectorAll('iframe[data-secret=\"'+t.secret+'\"]'),o=l.querySelectorAll('blockquote[data-secret=\"'+t.secret+'\"]'),c=new RegExp(\"^https?:$\",\"i\"),i=0;i<o.length;i++)o[i].style.display=\"none\";for(i=0;i<a.length;i++)s=a[i],e.source===s.contentWindow&&(s.removeAttribute(\"style\"),\"height\"===t.message?(1e3<(r=parseInt(t.value,10))?r=1e3:~~r<200&&(r=200),s.height=r):\"link\"===t.message&&(r=new URL(s.getAttribute(\"src\")),n=new URL(t.value),c.test(n.protocol))&&n.host===r.host&&l.activeElement===s&&(d.top.location.href=t.value))}},d.addEventListener(\"message\",d.wp.receiveEmbedMessage,!1),l.addEventListener(\"DOMContentLoaded\",function(){for(var e,t,s=l.querySelectorAll(\"iframe.wp-embedded-content\"),r=0;r<s.length;r++)(t=(e=s[r]).getAttribute(\"data-secret\"))||(t=Math.random().toString(36).substring(2,12),e.src+=\"#?secret=\"+t,e.setAttribute(\"data-secret\",t)),e.contentWindow.postMessage({message:\"ready\",secret:t},\"*\")},!1)))}(window,document);\n\/\/# sourceURL=https:\/\/confecomerc.es\/wp-includes\/js\/wp-embed.min.js\n\/* ]]> *\/\n<\/script>\n","thumbnail_url":"https:\/\/i0.wp.com\/confecomerc.es\/wp-content\/uploads\/2021\/03\/Carlos-Bano-asume-la-presidencia-de-Facpyme.jpg?fit=1024%2C768&ssl=1","thumbnail_width":1024,"thumbnail_height":768,"description":"El empresario Carlos Ba\u00f1o ha sustituido este jueves a Antonio S\u00e1ez como presidente de la Federaci\u00f3n Alicantina de Comercio de la Pyme (Facpyme) despu\u00e9s de siete a\u00f1os al frente de la entidad, quien ser\u00e1 nombrado presidente de Honor de la misma. Durante su intervenci\u00f3n, Ba\u00f1o ha lamentado que las ayudas al sector \"no llegan\" y, por lo tanto, el comercio \"no aguanta m\u00e1s\", seg\u00fan ha informado un comunicado."}