{"version":"1.0","provider_name":"Confecomer\u00e7","provider_url":"https:\/\/confecomerc.es\/va\/","author_name":"CONFECOMER\u00c7 CV","author_url":"https:\/\/confecomerc.es\/va\/author\/confe-admin-cv\/","title":"Confecomer\u00e7 CV considera inadmisible las explicaciones del gobierno y exige m\u00e1xima transparencia y seguridad jur\u00eddica para el sector del peque\u00f1o comercio en el plan de desescalada","type":"rich","width":600,"height":338,"html":"<blockquote class=\"wp-embedded-content\" data-secret=\"HPbWLvlQwP\"><a href=\"https:\/\/confecomerc.es\/va\/confecomerc-cv-considera-inadmisible-las-explicaciones-del-gobierno\/\">Confecomer\u00e7 CV considera inadmisible las explicaciones del gobierno y exige m\u00e1xima transparencia y seguridad jur\u00eddica para el sector del peque\u00f1o comercio en el plan de desescalada<\/a><\/blockquote><iframe sandbox=\"allow-scripts\" security=\"restricted\" src=\"https:\/\/confecomerc.es\/va\/confecomerc-cv-considera-inadmisible-las-explicaciones-del-gobierno\/embed\/#?secret=HPbWLvlQwP\" width=\"600\" height=\"338\" title=\"&#8220;Confecomer\u00e7 CV considera inadmisible las explicaciones del gobierno y exige m\u00e1xima transparencia y seguridad jur\u00eddica para el sector del peque\u00f1o comercio en el plan de desescalada&#8221; &#8212; Confecomer\u00e7\" data-secret=\"HPbWLvlQwP\" frameborder=\"0\" marginwidth=\"0\" marginheight=\"0\" scrolling=\"no\" class=\"wp-embedded-content\"><\/iframe><script type=\"text\/javascript\">\n\/* <![CDATA[ *\/\n\/*! This file is auto-generated *\/\n!function(d,l){\"use strict\";l.querySelector&&d.addEventListener&&\"undefined\"!=typeof URL&&(d.wp=d.wp||{},d.wp.receiveEmbedMessage||(d.wp.receiveEmbedMessage=function(e){var t=e.data;if((t||t.secret||t.message||t.value)&&!\/[^a-zA-Z0-9]\/.test(t.secret)){for(var s,r,n,a=l.querySelectorAll('iframe[data-secret=\"'+t.secret+'\"]'),o=l.querySelectorAll('blockquote[data-secret=\"'+t.secret+'\"]'),c=new RegExp(\"^https?:$\",\"i\"),i=0;i<o.length;i++)o[i].style.display=\"none\";for(i=0;i<a.length;i++)s=a[i],e.source===s.contentWindow&&(s.removeAttribute(\"style\"),\"height\"===t.message?(1e3<(r=parseInt(t.value,10))?r=1e3:~~r<200&&(r=200),s.height=r):\"link\"===t.message&&(r=new URL(s.getAttribute(\"src\")),n=new URL(t.value),c.test(n.protocol))&&n.host===r.host&&l.activeElement===s&&(d.top.location.href=t.value))}},d.addEventListener(\"message\",d.wp.receiveEmbedMessage,!1),l.addEventListener(\"DOMContentLoaded\",function(){for(var e,t,s=l.querySelectorAll(\"iframe.wp-embedded-content\"),r=0;r<s.length;r++)(t=(e=s[r]).getAttribute(\"data-secret\"))||(t=Math.random().toString(36).substring(2,12),e.src+=\"#?secret=\"+t,e.setAttribute(\"data-secret\",t)),e.contentWindow.postMessage({message:\"ready\",secret:t},\"*\")},!1)))}(window,document);\n\/\/# sourceURL=https:\/\/confecomerc.es\/wp-includes\/js\/wp-embed.min.js\n\/* ]]> *\/\n<\/script>\n","thumbnail_url":"https:\/\/i1.wp.com\/confecomerc.es\/wp-content\/uploads\/2020\/05\/Imagotipo-CONFECOMERC-CV-COLOR-1.png?fit=3421%2C1147&ssl=1","thumbnail_width":3421,"thumbnail_height":1147,"description":"La Confederaci\u00f3 del Comer\u00e7, Servicis i Aut\u00f2noms de la Comunitat Valenciana CONFECOMER\u00c7 CV, considera inadmisible\u00a0 las explicaciones que el Gobierno ha ofrecido hasta ahora sobre la decisi\u00f3n comunicada el viernes respecto al Plan de Desescalada para la Comunitat Valenciana."}