{"version":"1.0","provider_name":"Confecomer\u00e7","provider_url":"https:\/\/confecomerc.es\/va\/","author_name":"CONFECOMER\u00c7 CV","author_url":"https:\/\/confecomerc.es\/va\/author\/confe-admin-cv\/","title":"Enlla\u00e7os d'Inter\u00e9s - Confecomer\u00e7","type":"rich","width":600,"height":338,"html":"<blockquote class=\"wp-embedded-content\" data-secret=\"7HLlczSDsz\"><a href=\"https:\/\/confecomerc.es\/va\/enllacos-dinteres\/\">Enlla\u00e7os d&#8217;Inter\u00e9s<\/a><\/blockquote><iframe sandbox=\"allow-scripts\" security=\"restricted\" src=\"https:\/\/confecomerc.es\/va\/enllacos-dinteres\/embed\/#?secret=7HLlczSDsz\" width=\"600\" height=\"338\" title=\"&#8220;Enlla\u00e7os d&#8217;Inter\u00e9s&#8221; &#8212; Confecomer\u00e7\" data-secret=\"7HLlczSDsz\" frameborder=\"0\" marginwidth=\"0\" marginheight=\"0\" scrolling=\"no\" class=\"wp-embedded-content\"><\/iframe><script type=\"text\/javascript\">\n\/* <![CDATA[ *\/\n\/*! This file is auto-generated *\/\n!function(d,l){\"use strict\";l.querySelector&&d.addEventListener&&\"undefined\"!=typeof URL&&(d.wp=d.wp||{},d.wp.receiveEmbedMessage||(d.wp.receiveEmbedMessage=function(e){var t=e.data;if((t||t.secret||t.message||t.value)&&!\/[^a-zA-Z0-9]\/.test(t.secret)){for(var s,r,n,a=l.querySelectorAll('iframe[data-secret=\"'+t.secret+'\"]'),o=l.querySelectorAll('blockquote[data-secret=\"'+t.secret+'\"]'),c=new RegExp(\"^https?:$\",\"i\"),i=0;i<o.length;i++)o[i].style.display=\"none\";for(i=0;i<a.length;i++)s=a[i],e.source===s.contentWindow&&(s.removeAttribute(\"style\"),\"height\"===t.message?(1e3<(r=parseInt(t.value,10))?r=1e3:~~r<200&&(r=200),s.height=r):\"link\"===t.message&&(r=new URL(s.getAttribute(\"src\")),n=new URL(t.value),c.test(n.protocol))&&n.host===r.host&&l.activeElement===s&&(d.top.location.href=t.value))}},d.addEventListener(\"message\",d.wp.receiveEmbedMessage,!1),l.addEventListener(\"DOMContentLoaded\",function(){for(var e,t,s=l.querySelectorAll(\"iframe.wp-embedded-content\"),r=0;r<s.length;r++)(t=(e=s[r]).getAttribute(\"data-secret\"))||(t=Math.random().toString(36).substring(2,12),e.src+=\"#?secret=\"+t,e.setAttribute(\"data-secret\",t)),e.contentWindow.postMessage({message:\"ready\",secret:t},\"*\")},!1)))}(window,document);\n\/\/# sourceURL=https:\/\/confecomerc.es\/wp-includes\/js\/wp-embed.min.js\n\/* ]]> *\/\n<\/script>\n","description":"[et_pb_section fb_built=&#8221;1&#8243; _builder_version=&#8221;3.22&#8243; global_colors_info=&#8221;{}&#8221;][et_pb_row _builder_version=&#8221;3.25&#8243; global_colors_info=&#8221;{}&#8221;][et_pb_column type=&#8221;4_4&#8243; _builder_version=&#8221;3.25&#8243; custom_padding=&#8221;|||&#8221; global_colors_info=&#8221;{}&#8221; custom_padding__hover=&#8221;|||&#8221;][et_pb_text _builder_version=&#8221;4.14.5&#8243; hover_enabled=&#8221;0&#8243; global_colors_info=&#8221;{}&#8221; sticky_enabled=&#8221;0&#8243;] CONFEDERACI\u00d3N EMPRESARIAL DE LA CV https:\/\/cev.es\/ CEOE https:\/\/www.ceoe.es\/es CONFEDERACI\u00d3N ESPA\u00d1OLA DE COMERCIO https:\/\/cec-comercio.org\/\u200b CONSELLERIA DE ECONOM\u00cdA SOSTENIBLE, SECTORES PRODUCTIVOS, COMERCIO Y EMPLEO http:\/\/www.indi.gva.es\/es MINISTERIO DE ECONOMIA Y EMPRESA https:\/\/portal.mineco.gob.es\/es-es\/Paginas\/index.aspx MINISTERIO DE TRABAJO, MIGRACIONES Y SEGURIDAD SOCIAL http:\/\/www.mitramiss.gob.es\/ SEGURIDAD SOCIAL http:\/\/www.seg-social.es\/wps\/portal\/wss\/internet\/Inicio [&hellip;]"}