{"id":3157,"date":"2020-04-03T08:39:34","date_gmt":"2020-04-03T07:39:34","guid":{"rendered":"https:\/\/confecomerc.es\/comerciosabiertosestadodealarma"},"modified":"2020-04-15T09:15:01","modified_gmt":"2020-04-15T08:15:01","slug":"comerciosabiertoscercadeti","status":"publish","type":"page","link":"https:\/\/confecomerc.es\/va\/comerciosabiertoscercadeti\/","title":{"rendered":"Comercios Abiertos y\/o Prestando Servicio en Estado de Alarma"},"content":{"rendered":"<p>[et_pb_section fb_built=&#8221;1&#8243; fullwidth=&#8221;on&#8221; _builder_version=&#8221;4.4.1&#8243;][et_pb_fullwidth_image src=&#8221;https:\/\/confecomerc.es\/wp-content\/uploads\/2020\/04\/COMERCIOSABIERTOS_bannerWEB.jpg&#8221; _builder_version=&#8221;4.4.1&#8243; hover_enabled=&#8221;0&#8243;][\/et_pb_fullwidth_image][\/et_pb_section][et_pb_section fb_built=&#8221;1&#8243; _builder_version=&#8221;3.22&#8243; custom_padding=&#8221;42px|0px|96px|0px|false|false&#8221;][et_pb_row _builder_version=&#8221;3.25&#8243; custom_padding=&#8221;18px|0px|0px|0px|false|false&#8221;][et_pb_column type=&#8221;4_4&#8243; _builder_version=&#8221;3.25&#8243; custom_padding=&#8221;|||&#8221; custom_padding__hover=&#8221;|||&#8221;][et_pb_text _builder_version=&#8221;4.4.1&#8243;]<\/p>\n<h3><strong>\u00a1Ahora m\u00e1s que nunca el comercio est\u00e1 cerca de ti!<\/strong><\/h3>\n<h3>Apoya el comercio de proximidad que est\u00e1 trabajando para que no nos falte de nada en estos momentos.<\/h3>\n<h3><em>Estos son los comercios valencianos asociados a Confecomer\u00e7 CV que siguen abiertos y\/o prestando servicios durante el estado de alarma:<\/em><\/h3>\n<p>&nbsp;<\/p>\n<p>[\/et_pb_text][\/et_pb_column][\/et_pb_row][et_pb_row _builder_version=&#8221;4.4.1&#8243;][et_pb_column type=&#8221;4_4&#8243; _builder_version=&#8221;4.4.1&#8243;][et_pb_code _builder_version=&#8221;4.4.1&#8243;][wpsl template=&#8221;default&#8221; map_type=&#8221;roadmap&#8221; auto_locate=&#8221;true&#8221; start_marker=&#8221;red&#8221; store_marker=&#8221;blue&#8221; category_filter_type=&#8221;dropdown&#8221;][\/et_pb_code][\/et_pb_column][\/et_pb_row][et_pb_row _builder_version=&#8221;4.4.1&#8243;][et_pb_column type=&#8221;4_4&#8243; _builder_version=&#8221;4.4.1&#8243;][et_pb_text _builder_version=&#8221;4.4.1&#8243;]<\/p>\n<h3><strong>Si tu comercio est\u00e1 abierto y\/o presta servicio durante el Estado de Alarma y es asociado y no aparece en el mapa, rellena el siguiente formulario y mostraremos tu comercio con la mayor brevedad posible:<\/strong><\/h3>\n<p>&nbsp;<\/p>\n<p>[\/et_pb_text][et_pb_code _builder_version=&#8221;4.4.1&#8243;]<div class=\"frm_forms  with_frm_style frm_style_formidable-style\" id=\"frm_form_7_container\" data-token=\"bc484702fd78d09ae7dc7fc975928cb0\">\n<form enctype=\"multipart\/form-data\" method=\"post\" class=\"frm-show-form  frm_js_validate  frm_ajax_submit  frm_pro_form \" id=\"form_altacomercioabierto\" data-token=\"bc484702fd78d09ae7dc7fc975928cb0\">\n<div class=\"frm_form_fields \">\n<fieldset>\n<legend class=\"frm_screen_reader\">ALTA COMERCIO ABIERTO<\/legend>\r\n\r\n<div class=\"frm_fields_container\">\n<input type=\"hidden\" name=\"frm_action\" value=\"create\" \/>\n<input type=\"hidden\" name=\"form_id\" value=\"7\" \/>\n<input type=\"hidden\" name=\"frm_hide_fields_7\" id=\"frm_hide_fields_7\" value=\"\" \/>\n<input type=\"hidden\" name=\"form_key\" value=\"altacomercioabierto\" \/>\n<input type=\"hidden\" name=\"item_meta[0]\" value=\"\" \/>\n<input type=\"hidden\" id=\"frm_submit_entry_7\" name=\"frm_submit_entry_7\" value=\"fb64afee10\" \/><input type=\"hidden\" name=\"_wp_http_referer\" value=\"\/va\/wp-json\/wp\/v2\/pages\/3157\" \/><div id=\"frm_field_88_container\" class=\"frm_form_field form-field  frm_required_field frm_top_container\">\r\n    <label for=\"field_obc6x\" id=\"field_obc6x_label\" class=\"frm_primary_label\">NOMBRE DEL COMERCIO\/NEGOCIO\r\n        <span class=\"frm_required\">*<\/span>\r\n    <\/label>\r\n    <input  type=\"text\" id=\"field_obc6x\" name=\"item_meta[88]\" value=\"\"  data-reqmsg=\"Este campo no puede estar en blanco.\" aria-required=\"true\" data-invmsg=\"Texto no es v\u00e1lido\" aria-invalid=\"false\"   \/>\r\n    \r\n    \r\n<\/div>\n<div id=\"frm_field_89_container\" class=\"frm_form_field form-field  frm_required_field frm_top_container\">\r\n    <label for=\"field_jhcbr\" id=\"field_jhcbr_label\" class=\"frm_primary_label\">SERVICIOS ANTE COVID - COMENTARIOS - HORARIOS \r\n        <span class=\"frm_required\">*<\/span>\r\n    <\/label>\r\n    <textarea name=\"item_meta[89]\" id=\"field_jhcbr\" rows=\"5\"  data-reqmsg=\"Este campo no puede estar en blanco.\" aria-required=\"true\" data-invmsg=\"SERVICIOS ANTE COVID - COMENTARIOS - HORARIOS  is invalid\" aria-invalid=\"false\"  ><\/textarea>\r\n    \r\n    \r\n<\/div>\n<div id=\"frm_field_90_container\" class=\"frm_form_field form-field  frm_required_field frm_top_container\">\r\n    <label for=\"field_5vchg\" id=\"field_5vchg_label\" class=\"frm_primary_label\">DIRECCI\u00d3N (Calle y n\u00famero)\r\n        <span class=\"frm_required\">*<\/span>\r\n    <\/label>\r\n    <input  type=\"text\" id=\"field_5vchg\" name=\"item_meta[90]\" value=\"\"  data-reqmsg=\"Este campo no puede estar en blanco.\" aria-required=\"true\" data-invmsg=\"Texto no es v\u00e1lido\" aria-invalid=\"false\"   \/>\r\n    \r\n    \r\n<\/div>\n<div id=\"frm_field_91_container\" class=\"frm_form_field form-field  frm_required_field frm_top_container\">\r\n    <label for=\"field_iy4iy\" id=\"field_iy4iy_label\" class=\"frm_primary_label\">LOCALIDAD\r\n        <span class=\"frm_required\">*<\/span>\r\n    <\/label>\r\n    <input  type=\"text\" id=\"field_iy4iy\" name=\"item_meta[91]\" value=\"\"  data-reqmsg=\"Este campo no puede estar en blanco.\" aria-required=\"true\" data-invmsg=\"Texto no es v\u00e1lido\" aria-invalid=\"false\"   \/>\r\n    \r\n    \r\n<\/div>\n<div id=\"frm_field_93_container\" class=\"frm_form_field form-field  frm_required_field frm_top_container\">\r\n    <label for=\"field_a14ak\" id=\"field_a14ak_label\" class=\"frm_primary_label\">C\u00d3DIGO POSTAL\r\n        <span class=\"frm_required\">*<\/span>\r\n    <\/label>\r\n    <input type=\"number\" id=\"field_a14ak\" name=\"item_meta[93]\" value=\"\" data-reqmsg=\"Este campo no puede estar en blanco.\" aria-required=\"true\" data-invmsg=\"N\u00famero no es v\u00e1lido\" aria-invalid=\"false\"   min=\"0\" max=\"9999999\" step=\"any\" \/>\r\n    \r\n    \r\n<\/div>\n<div id=\"frm_field_92_container\" class=\"frm_form_field form-field  frm_required_field frm_top_container\">\r\n    <label for=\"field_vp7el\" id=\"field_vp7el_label\" class=\"frm_primary_label\">PROVINCIA\r\n        <span class=\"frm_required\">*<\/span>\r\n    <\/label>\r\n    \t\t<select name=\"item_meta[92]\" id=\"field_vp7el\"  data-reqmsg=\"Este campo no puede estar en blanco.\" aria-required=\"true\" data-invmsg=\"PROVINCIA is invalid\" aria-invalid=\"false\"  >\n\t\t<option  value=\"\" selected='selected'> <\/option><option  value=\"Alicante\">Alicante<\/option><option  value=\"Valencia\">Valencia<\/option><option  value=\"Castell\u00f3n\">Castell\u00f3n<\/option>\t<\/select>\n\t\r\n    \r\n    \r\n<\/div>\n<div id=\"frm_field_94_container\" class=\"frm_form_field form-field  frm_top_container\">\r\n    <label for=\"field_g1i52\" id=\"field_g1i52_label\" class=\"frm_primary_label\">TEL\u00c9FONO FIJO\r\n        <span class=\"frm_required\"><\/span>\r\n    <\/label>\r\n    <input type=\"tel\" id=\"field_g1i52\" name=\"item_meta[94]\" value=\"\"  data-invmsg=\"Tel\u00e9fono no es v\u00e1lido\" aria-invalid=\"false\" pattern=\"((\\+\\d{1,3}(-|.| )?\\(?\\d\\)?(-| |.)?\\d{1,5})|(\\(?\\d{2,6}\\)?))(-|.| )?(\\d{3,4})(-|.| )?(\\d{4})(( x| ext)\\d{1,5}){0,1}$\"  \/>\r\n    \r\n    \r\n<\/div>\n<div id=\"frm_field_95_container\" class=\"frm_form_field form-field  frm_top_container\">\r\n    <label for=\"field_cw9y\" id=\"field_cw9y_label\" class=\"frm_primary_label\">TEL\u00c9FONO M\u00d3VIL\r\n        <span class=\"frm_required\"><\/span>\r\n    <\/label>\r\n    <input type=\"tel\" id=\"field_cw9y\" name=\"item_meta[95]\" value=\"\"  data-invmsg=\"Tel\u00e9fono no es v\u00e1lido\" aria-invalid=\"false\" pattern=\"((\\+\\d{1,3}(-|.| )?\\(?\\d\\)?(-| |.)?\\d{1,5})|(\\(?\\d{2,6}\\)?))(-|.| )?(\\d{3,4})(-|.| )?(\\d{4})(( x| ext)\\d{1,5}){0,1}$\"  \/>\r\n    \r\n    \r\n<\/div>\n<div id=\"frm_field_96_container\" class=\"frm_form_field form-field  frm_top_container\">\r\n    <label for=\"field_o40fs\" id=\"field_o40fs_label\" class=\"frm_primary_label\">EMAIL\r\n        <span class=\"frm_required\"><\/span>\r\n    <\/label>\r\n    <input type=\"email\" id=\"field_o40fs\" name=\"item_meta[96]\" value=\"\"  data-invmsg=\"Correo electr\u00f3nico no es v\u00e1lido\" aria-invalid=\"false\"  \/>\r\n    \r\n    \r\n<\/div>\n<div id=\"frm_field_97_container\" class=\"frm_form_field form-field  frm_top_container\">\r\n    <label for=\"field_km6r7\" id=\"field_km6r7_label\" class=\"frm_primary_label\">Sitio Web\/URL\r\n        <span class=\"frm_required\"><\/span>\r\n    <\/label>\r\n    <input type=\"url\" id=\"field_km6r7\" name=\"item_meta[97]\" value=\"\"  data-invmsg=\"Sitio Web\/URL is invalid\" aria-invalid=\"false\"  \/>\r\n    \r\n    \r\n<\/div>\n<div id=\"frm_field_98_container\" class=\"frm_form_field form-field  frm_required_field frm_top_container\">\r\n    <label for=\"field_iqvq1\" id=\"field_iqvq1_label\" class=\"frm_primary_label\">TIPO DE COMERCIO\/NEGOCIO\r\n        <span class=\"frm_required\">*<\/span>\r\n    <\/label>\r\n    <select  name='item_meta[98]' id='field_iqvq1' data-reqmsg=\"Este campo no puede estar en blanco.\" aria-required=\"true\" data-invmsg=\"TIPO DE COMERCIO\/NEGOCIO is invalid\" aria-invalid=\"false\"  >\n\t<option value='0'> <\/option>\n\t<option class=\"level-0\" value=\"613\">Associats Confecomer\u00e7 Cv<\/option>\n\t<option class=\"level-0\" value=\"2910\">Ayudas y subvenciones<\/option>\n\t<option class=\"level-0\" value=\"2972\">Circulares Informativas<\/option>\n\t<option class=\"level-0\" value=\"614\">Confecomer\u00e7 Cv<\/option>\n\t<option class=\"level-0\" value=\"3051\">Confemercats<\/option>\n\t<option class=\"level-0\" value=\"3379\">Convenios<\/option>\n\t<option class=\"level-0\" value=\"2920\">Digitalizaci\u00f3n<\/option>\n\t<option class=\"level-0\" value=\"4464\">Eventos<\/option>\n\t<option class=\"level-0\" value=\"4762\">Iniciativas Solidarias DANA<\/option>\n\t<option class=\"level-0\" value=\"655\">Innovaci\u00f3 i curiositats en el Comer\u00e7<\/option>\n\t<option class=\"level-0\" value=\"615\">Notes de premsa<\/option>\n\t<option class=\"level-0\" value=\"616\">Sector<\/option>\n\t<option class=\"level-0\" value=\"3350\">SUMMER MARKET<\/option>\n\t<option class=\"level-0\" value=\"5\">Uncategorized @va<\/option>\n<\/select>\n\r\n    \r\n    \r\n<\/div>\n\t\t<input  type=\"hidden\" name=\"item_meta[102]\" id=\"field_lycuq\" value=\"ES\"  data-frmval=\"ES\"   \/>\n\t\t<div id=\"frm_field_106_container\" class=\"frm_form_field form-field  frm_top_container vertical_radio\">\r\n    <div  id=\"field_z57gh_label\" class=\"frm_primary_label\">Pais\r\n        <span class=\"frm_required\"><\/span>\r\n    <\/div>\r\n    <div class=\"frm_opt_container\" aria-labelledby=\"field_z57gh_label\" role=\"radiogroup\">\t\t<div class=\"frm_radio\" id=\"frm_radio_106-0\">\t\t\t<label  for=\"field_z57gh-0\">\n\t\t\t\t\t<input type=\"radio\" name=\"item_meta[106]\" id=\"field_z57gh-0\" value=\"Espa\u00f1a\"\n\t\t data-frmval=\"Espa\u00f1a\" data-invmsg=\"Pais is invalid\"  checked=\"checked\" \/> Espa\u00f1a<\/label><\/div>\n<\/div>\r\n    \r\n    \r\n<\/div>\n\t\t<input  type=\"hidden\" name=\"item_meta[103]\" id=\"field_4yczi\" value=\"Espa\u00f1a\"  data-frmval=\"Espa\u00f1a\"   \/>\n\t\t<div id=\"frm_field_105_container\" class=\"frm_form_field form-field  frm_required_field frm_top_container vertical_radio\">\r\n    <div  id=\"field_r8qsa_label\" class=\"frm_primary_label\">Pol\u00edtica de privacidad\r\n        <span class=\"frm_required\">*<\/span>\r\n    <\/div>\r\n    <div class=\"frm_opt_container\" aria-labelledby=\"field_r8qsa_label\" role=\"radiogroup\" aria-required=\"true\">\t\t<div class=\"frm_radio\" id=\"frm_radio_105-0\">\t\t\t<label  for=\"field_r8qsa-0\">\n\t\t\t\t\t<input type=\"radio\" name=\"item_meta[105]\" id=\"field_r8qsa-0\" value=\"Acepto la &lt;a href=&quot;https:\/\/confecomerc.es\/privacy-policy&quot; target=&quot;_blank&quot;&gt;pol\u00edtica de privacidad&lt;\/a&gt; de CONFECOMER\u00c7 CV.\"\n\t\t data-reqmsg=\"Este campo no puede estar en blanco.\" data-invmsg=\"Pol\u00edtica de privacidad is invalid\"   \/> Acepto la <a href=\"https:\/\/confecomerc.es\/privacy-policy\" target=\"_blank\">pol\u00edtica de privacidad<\/a> de CONFECOMER\u00c7 CV.<\/label><\/div>\n<\/div>\r\n    \r\n    \r\n<\/div>\n<div id=\"frm_field_104_container\" class=\"frm_form_field form-field  frm_none_container\">\r\n    <label for=\"g-recaptcha-response\" id=\"field_9p9oy_label\" class=\"frm_primary_label\">reCAPTCHA\r\n        <span class=\"frm_required\"><\/span>\r\n    <\/label>\r\n    <div  id=\"field_9p9oy\" class=\"g-recaptcha\" data-sitekey=\"6Lf_EJcUAAAAABxAGxQ5nNBEv1Y2jlFOvNXkkK7M\" data-size=\"normal\" data-theme=\"light\"><\/div>\r\n    \r\n    \r\n<\/div>\n\t<input type=\"hidden\" name=\"item_key\" value=\"\" \/>\n\t\t\t<div id=\"frm_field_133_container\">\n\t\t\t<label for=\"field_safcz\" >\n\t\t\t\tIf you are human, leave this field blank.\t\t\t<\/label>\n\t\t\t<input  id=\"field_safcz\" type=\"text\" class=\"frm_form_field form-field frm_verify\" name=\"item_meta[133]\" value=\"\"  \/>\n\t\t<\/div>\n\t\t<input name=\"frm_state\" type=\"hidden\" value=\"jz7m\/ICvLl6cr8z68stG+nmCihllbhm\/BCKkoh+90pKrNRR\/9ySkZAIOaJL5YbfV\" \/><div class=\"frm_submit\">\r\n\r\n<button class=\"frm_button_submit frm_final_submit\" type=\"submit\"   formnovalidate=\"formnovalidate\">Enviar<\/button>\r\n\r\n<\/div><\/div>\n<\/fieldset>\n<\/div>\n\n<\/form>\n<\/div>\n[\/et_pb_code][\/et_pb_column][\/et_pb_row][\/et_pb_section]<\/p>\n","protected":false},"excerpt":{"rendered":"<p>\u00a1Ahora m\u00e1s que nunca el comercio est\u00e1 cerca de ti!<br \/>\nApoya el comercio de proximidad que est\u00e1 trabajando para que no nos falte de nada en estos momentos.<br \/>\nEstos son los comercios valencianos que siguen abiertos y\/o prestando servicios durante el estado de alarma<\/p>\n","protected":false},"author":1,"featured_media":3871,"parent":0,"menu_order":0,"comment_status":"closed","ping_status":"closed","template":"","meta":{"_et_pb_use_builder":"on","_et_pb_old_content":"","_et_gb_content_width":"","footnotes":""},"class_list":["post-3157","page","type-page","status-publish","has-post-thumbnail","hentry"],"yoast_head":"<!-- This site is optimized with the Yoast SEO plugin v27.3 - https:\/\/yoast.com\/product\/yoast-seo-wordpress\/ -->\n<title>Comercios Abiertos y\/o Prestando Servicio en Estado de Alarma - Confecomer\u00e7<\/title>\n<meta name=\"description\" content=\"\u00a1Ahora m\u00e1s que nunca el comercio est\u00e1 cerca de ti!Apoya el comercio de proximidad que est\u00e1 trabajando para que no nos falte de nada en estos momentos. Estos son los comercios valencianos que siguen abiertos y\/o prestando servicios durante el estado de alarma\" \/>\n<meta name=\"robots\" content=\"index, follow, max-snippet:-1, max-image-preview:large, max-video-preview:-1\" \/>\n<link rel=\"canonical\" href=\"https:\/\/confecomerc.es\/va\/comerciosabiertoscercadeti\/\" \/>\n<meta property=\"og:locale\" content=\"en_US\" \/>\n<meta property=\"og:type\" content=\"article\" \/>\n<meta property=\"og:title\" content=\"Comercios Abiertos y\/o Prestando Servicio en Estado de Alarma - Confecomer\u00e7\" \/>\n<meta property=\"og:description\" content=\"\u00a1Ahora m\u00e1s que nunca el comercio est\u00e1 cerca de ti!Apoya el comercio de proximidad que est\u00e1 trabajando para que no nos falte de nada en estos momentos. Estos son los comercios valencianos que siguen abiertos y\/o prestando servicios durante el estado de alarma\" \/>\n<meta property=\"og:url\" content=\"https:\/\/confecomerc.es\/va\/comerciosabiertoscercadeti\/\" \/>\n<meta property=\"og:site_name\" content=\"Confecomer\u00e7\" \/>\n<meta property=\"article:modified_time\" content=\"2020-04-15T08:15:01+00:00\" \/>\n<meta property=\"og:image\" content=\"https:\/\/i1.wp.com\/confecomerc.es\/wp-content\/uploads\/2020\/04\/comerciosabiertoscercadeti.png?fit=1080%2C1080&ssl=1\" \/>\n\t<meta property=\"og:image:width\" content=\"1080\" \/>\n\t<meta property=\"og:image:height\" content=\"1080\" \/>\n\t<meta property=\"og:image:type\" content=\"image\/png\" \/>\n<meta name=\"twitter:card\" content=\"summary_large_image\" \/>\n<meta name=\"twitter:label1\" content=\"Est. reading time\" \/>\n\t<meta name=\"twitter:data1\" content=\"1 minute\" \/>\n<script type=\"application\/ld+json\" class=\"yoast-schema-graph\">{\"@context\":\"https:\\\/\\\/schema.org\",\"@graph\":[{\"@type\":\"WebPage\",\"@id\":\"https:\\\/\\\/confecomerc.es\\\/va\\\/comerciosabiertoscercadeti\\\/\",\"url\":\"https:\\\/\\\/confecomerc.es\\\/va\\\/comerciosabiertoscercadeti\\\/\",\"name\":\"Comercios Abiertos y\\\/o Prestando Servicio en Estado de Alarma - Confecomer\u00e7\",\"isPartOf\":{\"@id\":\"https:\\\/\\\/confecomerc.es\\\/#website\"},\"primaryImageOfPage\":{\"@id\":\"https:\\\/\\\/confecomerc.es\\\/va\\\/comerciosabiertoscercadeti\\\/#primaryimage\"},\"image\":{\"@id\":\"https:\\\/\\\/confecomerc.es\\\/va\\\/comerciosabiertoscercadeti\\\/#primaryimage\"},\"thumbnailUrl\":\"https:\\\/\\\/confecomerc.es\\\/wp-content\\\/uploads\\\/2020\\\/04\\\/comerciosabiertoscercadeti.png\",\"datePublished\":\"2020-04-03T07:39:34+00:00\",\"dateModified\":\"2020-04-15T08:15:01+00:00\",\"description\":\"\u00a1Ahora m\u00e1s que nunca el comercio est\u00e1 cerca de ti!Apoya el comercio de proximidad que est\u00e1 trabajando para que no nos falte de nada en estos momentos. Estos son los comercios valencianos que siguen abiertos y\\\/o prestando servicios durante el estado de alarma\",\"breadcrumb\":{\"@id\":\"https:\\\/\\\/confecomerc.es\\\/va\\\/comerciosabiertoscercadeti\\\/#breadcrumb\"},\"inLanguage\":\"va-VA\",\"potentialAction\":[{\"@type\":\"ReadAction\",\"target\":[\"https:\\\/\\\/confecomerc.es\\\/va\\\/comerciosabiertoscercadeti\\\/\"]}]},{\"@type\":\"ImageObject\",\"inLanguage\":\"va-VA\",\"@id\":\"https:\\\/\\\/confecomerc.es\\\/va\\\/comerciosabiertoscercadeti\\\/#primaryimage\",\"url\":\"https:\\\/\\\/confecomerc.es\\\/wp-content\\\/uploads\\\/2020\\\/04\\\/comerciosabiertoscercadeti.png\",\"contentUrl\":\"https:\\\/\\\/confecomerc.es\\\/wp-content\\\/uploads\\\/2020\\\/04\\\/comerciosabiertoscercadeti.png\",\"width\":1080,\"height\":1080,\"caption\":\"comercios abiertos\"},{\"@type\":\"BreadcrumbList\",\"@id\":\"https:\\\/\\\/confecomerc.es\\\/va\\\/comerciosabiertoscercadeti\\\/#breadcrumb\",\"itemListElement\":[{\"@type\":\"ListItem\",\"position\":1,\"name\":\"Home\",\"item\":\"https:\\\/\\\/confecomerc.es\\\/va\\\/confecomerc-cv\\\/\"},{\"@type\":\"ListItem\",\"position\":2,\"name\":\"Comercios Abiertos y\\\/o Prestando Servicio en Estado de Alarma\"}]},{\"@type\":\"WebSite\",\"@id\":\"https:\\\/\\\/confecomerc.es\\\/#website\",\"url\":\"https:\\\/\\\/confecomerc.es\\\/\",\"name\":\"Confecomer\u00e7\",\"description\":\"Confederaci\u00f3 de Comer\u00e7 d\u2019alacant, Castell\u00f3 i Val\u00e8ncia\",\"potentialAction\":[{\"@type\":\"SearchAction\",\"target\":{\"@type\":\"EntryPoint\",\"urlTemplate\":\"https:\\\/\\\/confecomerc.es\\\/?s={search_term_string}\"},\"query-input\":{\"@type\":\"PropertyValueSpecification\",\"valueRequired\":true,\"valueName\":\"search_term_string\"}}],\"inLanguage\":\"va-VA\"}]}<\/script>\n<!-- \/ Yoast SEO plugin. -->","yoast_head_json":{"title":"Comercios Abiertos y\/o Prestando Servicio en Estado de Alarma - Confecomer\u00e7","description":"\u00a1Ahora m\u00e1s que nunca el comercio est\u00e1 cerca de ti!Apoya el comercio de proximidad que est\u00e1 trabajando para que no nos falte de nada en estos momentos. Estos son los comercios valencianos que siguen abiertos y\/o prestando servicios durante el estado de alarma","robots":{"index":"index","follow":"follow","max-snippet":"max-snippet:-1","max-image-preview":"max-image-preview:large","max-video-preview":"max-video-preview:-1"},"canonical":"https:\/\/confecomerc.es\/va\/comerciosabiertoscercadeti\/","og_locale":"en_US","og_type":"article","og_title":"Comercios Abiertos y\/o Prestando Servicio en Estado de Alarma - Confecomer\u00e7","og_description":"\u00a1Ahora m\u00e1s que nunca el comercio est\u00e1 cerca de ti!Apoya el comercio de proximidad que est\u00e1 trabajando para que no nos falte de nada en estos momentos. Estos son los comercios valencianos que siguen abiertos y\/o prestando servicios durante el estado de alarma","og_url":"https:\/\/confecomerc.es\/va\/comerciosabiertoscercadeti\/","og_site_name":"Confecomer\u00e7","article_modified_time":"2020-04-15T08:15:01+00:00","og_image":[{"width":1080,"height":1080,"url":"https:\/\/i1.wp.com\/confecomerc.es\/wp-content\/uploads\/2020\/04\/comerciosabiertoscercadeti.png?fit=1080%2C1080&ssl=1","type":"image\/png"}],"twitter_card":"summary_large_image","twitter_misc":{"Est. reading time":"1 minute"},"schema":{"@context":"https:\/\/schema.org","@graph":[{"@type":"WebPage","@id":"https:\/\/confecomerc.es\/va\/comerciosabiertoscercadeti\/","url":"https:\/\/confecomerc.es\/va\/comerciosabiertoscercadeti\/","name":"Comercios Abiertos y\/o Prestando Servicio en Estado de Alarma - Confecomer\u00e7","isPartOf":{"@id":"https:\/\/confecomerc.es\/#website"},"primaryImageOfPage":{"@id":"https:\/\/confecomerc.es\/va\/comerciosabiertoscercadeti\/#primaryimage"},"image":{"@id":"https:\/\/confecomerc.es\/va\/comerciosabiertoscercadeti\/#primaryimage"},"thumbnailUrl":"https:\/\/confecomerc.es\/wp-content\/uploads\/2020\/04\/comerciosabiertoscercadeti.png","datePublished":"2020-04-03T07:39:34+00:00","dateModified":"2020-04-15T08:15:01+00:00","description":"\u00a1Ahora m\u00e1s que nunca el comercio est\u00e1 cerca de ti!Apoya el comercio de proximidad que est\u00e1 trabajando para que no nos falte de nada en estos momentos. Estos son los comercios valencianos que siguen abiertos y\/o prestando servicios durante el estado de alarma","breadcrumb":{"@id":"https:\/\/confecomerc.es\/va\/comerciosabiertoscercadeti\/#breadcrumb"},"inLanguage":"va-VA","potentialAction":[{"@type":"ReadAction","target":["https:\/\/confecomerc.es\/va\/comerciosabiertoscercadeti\/"]}]},{"@type":"ImageObject","inLanguage":"va-VA","@id":"https:\/\/confecomerc.es\/va\/comerciosabiertoscercadeti\/#primaryimage","url":"https:\/\/confecomerc.es\/wp-content\/uploads\/2020\/04\/comerciosabiertoscercadeti.png","contentUrl":"https:\/\/confecomerc.es\/wp-content\/uploads\/2020\/04\/comerciosabiertoscercadeti.png","width":1080,"height":1080,"caption":"comercios abiertos"},{"@type":"BreadcrumbList","@id":"https:\/\/confecomerc.es\/va\/comerciosabiertoscercadeti\/#breadcrumb","itemListElement":[{"@type":"ListItem","position":1,"name":"Home","item":"https:\/\/confecomerc.es\/va\/confecomerc-cv\/"},{"@type":"ListItem","position":2,"name":"Comercios Abiertos y\/o Prestando Servicio en Estado de Alarma"}]},{"@type":"WebSite","@id":"https:\/\/confecomerc.es\/#website","url":"https:\/\/confecomerc.es\/","name":"Confecomer\u00e7","description":"Confederaci\u00f3 de Comer\u00e7 d\u2019alacant, Castell\u00f3 i Val\u00e8ncia","potentialAction":[{"@type":"SearchAction","target":{"@type":"EntryPoint","urlTemplate":"https:\/\/confecomerc.es\/?s={search_term_string}"},"query-input":{"@type":"PropertyValueSpecification","valueRequired":true,"valueName":"search_term_string"}}],"inLanguage":"va-VA"}]}},"_links":{"self":[{"href":"https:\/\/confecomerc.es\/va\/wp-json\/wp\/v2\/pages\/3157","targetHints":{"allow":["GET"]}}],"collection":[{"href":"https:\/\/confecomerc.es\/va\/wp-json\/wp\/v2\/pages"}],"about":[{"href":"https:\/\/confecomerc.es\/va\/wp-json\/wp\/v2\/types\/page"}],"author":[{"embeddable":true,"href":"https:\/\/confecomerc.es\/va\/wp-json\/wp\/v2\/users\/1"}],"replies":[{"embeddable":true,"href":"https:\/\/confecomerc.es\/va\/wp-json\/wp\/v2\/comments?post=3157"}],"version-history":[{"count":0,"href":"https:\/\/confecomerc.es\/va\/wp-json\/wp\/v2\/pages\/3157\/revisions"}],"wp:featuredmedia":[{"embeddable":true,"href":"https:\/\/confecomerc.es\/va\/wp-json\/wp\/v2\/media\/3871"}],"wp:attachment":[{"href":"https:\/\/confecomerc.es\/va\/wp-json\/wp\/v2\/media?parent=3157"}],"curies":[{"name":"wp","href":"https:\/\/api.w.org\/{rel}","templated":true}]}}