{"id":6658,"date":"2021-02-19T10:02:46","date_gmt":"2021-02-19T09:02:46","guid":{"rendered":"https:\/\/confecomerc.es\/?post_type=project&#038;p=6658"},"modified":"2021-02-19T10:34:05","modified_gmt":"2021-02-19T09:34:05","slug":"ayudas-ivace-asesora-cv-2021","status":"publish","type":"project","link":"https:\/\/confecomerc.es\/va\/project\/ayudas-ivace-asesora-cv-2021\/","title":{"rendered":"AYUDAS IVACE ASESORA CV 2021"},"content":{"rendered":"<p>[et_pb_section fb_built=&#8221;1&#8243; _builder_version=&#8221;4.8.0&#8243; _module_preset=&#8221;default&#8221; background_color=&#8221;#204093&#8243; custom_padding=&#8221;20px||7px|||&#8221;][et_pb_row _builder_version=&#8221;4.8.0&#8243; _module_preset=&#8221;default&#8221;][et_pb_column type=&#8221;4_4&#8243; _builder_version=&#8221;4.8.0&#8243; _module_preset=&#8221;default&#8221;][et_pb_post_title featured_image=&#8221;off&#8221; _builder_version=&#8221;4.8.0&#8243; _module_preset=&#8221;default&#8221; title_text_color=&#8221;#FFFFFF&#8221; title_font_size=&#8221;38px&#8221; meta_text_color=&#8221;#FFFFFF&#8221; meta_font_size=&#8221;16px&#8221;][\/et_pb_post_title][\/et_pb_column][\/et_pb_row][\/et_pb_section][et_pb_section fb_built=&#8221;1&#8243; _builder_version=&#8221;4.8.0&#8243; _module_preset=&#8221;default&#8221; custom_padding=&#8221;36px|||||&#8221;][et_pb_row column_structure=&#8221;1_3,2_3&#8243; _builder_version=&#8221;4.8.0&#8243; _module_preset=&#8221;default&#8221;][et_pb_column type=&#8221;1_3&#8243; _builder_version=&#8221;4.8.0&#8243; _module_preset=&#8221;default&#8221;][et_pb_image src=&#8221;@ET-DC@eyJkeW5hbWljIjp0cnVlLCJjb250ZW50IjoicG9zdF9mZWF0dXJlZF9pbWFnZSIsInNldHRpbmdzIjp7fX0=@&#8221; _builder_version=&#8221;4.8.0&#8243; _dynamic_attributes=&#8221;src&#8221; _module_preset=&#8221;default&#8221;][\/et_pb_image][\/et_pb_column][et_pb_column type=&#8221;2_3&#8243; _builder_version=&#8221;4.8.0&#8243; _module_preset=&#8221;default&#8221;][dsm_text_divider header=&#8221;DESCRIPCI\u00d3N&#8221; _builder_version=&#8221;4.8.0&#8243; _module_preset=&#8221;default&#8221; custom_margin=&#8221;||16px|||&#8221;][\/dsm_text_divider][et_pb_text _builder_version=&#8221;4.8.0&#8243; _module_preset=&#8221;default&#8221;]<\/p>\n<p><span style=\"font-family: Montserrat;\">Subvenci\u00f3n de hasta el 100% del gasto de la contrataci\u00f3n de los servicios de asesoramiento especializado, con un l\u00edmite de ayuda por solicitud de 50.000 \u20ac, para apoyar el desarrollo de planes empresariales para el crecimiento de las peque\u00f1as empresas innovadoras de la Comunidad Valenciana.<\/span><\/p>\n<p><span style=\"font-family: Montserrat;\"><\/span><\/p>\n<p>Se apoyar\u00e1 el asesoramiento en:<br \/> \u00a0\u00a0 \u00a0-Diagn\u00f3stico estrat\u00e9gico<br \/> \u00a0\u00a0 \u00a0-Modelo de negocio<br \/> \u00a0\u00a0 \u00a0-Marketing y comercializaci\u00f3n<br \/> \u00a0\u00a0 \u00a0-Organizaci\u00f3n y procesos<br \/> \u00a0\u00a0 \u00a0-Gesti\u00f3n econ\u00f3mico-financiera<br \/> \u00a0\u00a0 \u00a0-Definici\u00f3n de cuadros de mando<br \/> \u00a0 \u00a0\u00a0<\/p>\n<p>No podr\u00e1n comenzar a ejecutarse antes de presentar la solicitud de la ayuda. Importe m\u00ednimo 3.000 \u20ac, coste m\u00e1ximo subvencionable de la hora del asesoramiento ser\u00e1 de 60 \u20ac.<\/p>\n<p>[\/et_pb_text][\/et_pb_column][\/et_pb_row][et_pb_row column_structure=&#8221;1_2,1_2&#8243; _builder_version=&#8221;4.8.0&#8243; _module_preset=&#8221;default&#8221;][et_pb_column type=&#8221;1_2&#8243; _builder_version=&#8221;4.8.0&#8243; _module_preset=&#8221;default&#8221;][dsm_text_divider header=&#8221;BENEFICIARIOS&#8221; _builder_version=&#8221;4.8.0&#8243; _module_preset=&#8221;default&#8221; custom_margin=&#8221;||16px|||&#8221;][\/dsm_text_divider][et_pb_text _builder_version=&#8221;4.8.0&#8243; _module_preset=&#8221;default&#8221;]<\/p>\n<p style=\"text-align: center;\">Peque\u00f1as empresas innovadoras de la Comunitat Valenciana con una antig\u00fcedad inferior a 5 a\u00f1os<\/p>\n<p>[\/et_pb_text][\/et_pb_column][et_pb_column type=&#8221;1_2&#8243; _builder_version=&#8221;4.8.0&#8243; _module_preset=&#8221;default&#8221;][dsm_text_divider header=&#8221;PLAZO&#8221; _builder_version=&#8221;4.8.0&#8243; _module_preset=&#8221;default&#8221; custom_margin=&#8221;||16px|||&#8221;][\/dsm_text_divider][et_pb_text _builder_version=&#8221;4.8.0&#8243; _module_preset=&#8221;default&#8221;]<\/p>\n<p style=\"text-align: center;\">Hasta el 15 de marzo de 2021.<\/p>\n<p>[\/et_pb_text][\/et_pb_column][\/et_pb_row][et_pb_row _builder_version=&#8221;4.8.0&#8243; _module_preset=&#8221;default&#8221;][et_pb_column type=&#8221;4_4&#8243; _builder_version=&#8221;4.8.0&#8243; _module_preset=&#8221;default&#8221;][et_pb_button button_url=&#8221;https:\/\/www.ivace.es\/index.php\/es\/ayudas\/innovacion-e-i-d\/plan-de-i-d-i-empresarial-ano-en-curso\/54466-asesora-cv-ayudas-para-el-desarrollo-de-planes-empresariales-para-el-crecimiento-de-nuevas-empresas-innovadoras-2020&#8243; button_text=&#8221;ACCEDE AL RECURSO&#8221; button_alignment=&#8221;center&#8221; _builder_version=&#8221;4.8.0&#8243; _module_preset=&#8221;default&#8221;][\/et_pb_button][\/et_pb_column][\/et_pb_row][\/et_pb_section]<\/p>\n","protected":false},"excerpt":{"rendered":"<p><div class=\"et_pb_module dsm_text_divider dsm_text_divider_0\">\n\t\t\t\t\n\t\t\t\t\n\t\t\t\t\n\t\t\t\t\n\t\t\t\t\n\t\t\t\t\n\t\t\t\t<div class=\"et_pb_module_inner\">\n\t\t\t\t\t<div class=\"dsm-text-divider-wrapper dsm-text-divider-align-center et_pb_bg_layout_light\">\n\t\t\t\t\n\t\t\t\t\n\t\t\t\t<div class=\"dsm-text-divider-before dsm-divider\"><\/div>\n\t\t\t\t<h3 class=\"dsm-text-divider-header et_pb_module_header\"><span>DESCRIPCI\u00d3N<\/span><\/h3>\n\t\t\t\t<div class=\"dsm-text-divider-after dsm-divider\"><\/div>\n\t\t\t<\/div>\n\t\t\t\t<\/div>\n\t\t\t<\/div>Subvenci\u00f3n de hasta el 100% del gasto de la contrataci\u00f3n de los servicios de asesoramiento especializado, con un l\u00edmite de ayuda por solicitud de 50.000 \u20ac, para apoyar el desarrollo de planes empresariales para el crecimiento de las peque\u00f1as empresas innovadoras de la Comunidad Valenciana. Se apoyar\u00e1 el asesoramiento en: \u00a0\u00a0 \u00a0-Diagn\u00f3stico estrat\u00e9gico \u00a0\u00a0 \u00a0-Modelo de negocio \u00a0\u00a0 \u00a0-Marketing y comercializaci\u00f3n \u00a0\u00a0 \u00a0-Organizaci\u00f3n y procesos \u00a0\u00a0 \u00a0-Gesti\u00f3n econ\u00f3mico-financiera \u00a0\u00a0 \u00a0-Definici\u00f3n de cuadros de mando \u00a0 \u00a0\u00a0 No podr\u00e1n comenzar a ejecutarse antes de presentar la solicitud de la ayuda. Importe m\u00ednimo 3.000 \u20ac, coste m\u00e1ximo subvencionable de la hora del asesoramiento ser\u00e1 de 60 \u20ac.<div class=\"et_pb_module dsm_text_divider dsm_text_divider_1\">\n\t\t\t\t\n\t\t\t\t\n\t\t\t\t\n\t\t\t\t\n\t\t\t\t\n\t\t\t\t\n\t\t\t\t<div class=\"et_pb_module_inner\">\n\t\t\t\t\t<div class=\"dsm-text-divider-wrapper dsm-text-divider-align-center et_pb_bg_layout_light\">\n\t\t\t\t\n\t\t\t\t\n\t\t\t\t<div class=\"dsm-text-divider-before dsm-divider\"><\/div>\n\t\t\t\t<h3 class=\"dsm-text-divider-header et_pb_module_header\"><span>BENEFICIARIOS<\/span><\/h3>\n\t\t\t\t<div class=\"dsm-text-divider-after dsm-divider\"><\/div>\n\t\t\t<\/div>\n\t\t\t\t<\/div>\n\t\t\t<\/div>Peque\u00f1as empresas innovadoras de la Comunitat Valenciana con una antig\u00fcedad inferior a 5 a\u00f1os<div class=\"et_pb_module dsm_text_divider dsm_text_divider_2\">\n\t\t\t\t\n\t\t\t\t\n\t\t\t\t\n\t\t\t\t\n\t\t\t\t\n\t\t\t\t\n\t\t\t\t<div class=\"et_pb_module_inner\">\n\t\t\t\t\t<div class=\"dsm-text-divider-wrapper dsm-text-divider-align-center et_pb_bg_layout_light\">\n\t\t\t\t\n\t\t\t\t\n\t\t\t\t<div class=\"dsm-text-divider-before dsm-divider\"><\/div>\n\t\t\t\t<h3 class=\"dsm-text-divider-header et_pb_module_header\"><span>PLAZO<\/span><\/h3>\n\t\t\t\t<div class=\"dsm-text-divider-after dsm-divider\"><\/div>\n\t\t\t<\/div>\n\t\t\t\t<\/div>\n\t\t\t<\/div>Hasta el 15 de marzo de 2021.<\/p>\n","protected":false},"author":1,"featured_media":6664,"comment_status":"closed","ping_status":"closed","template":"","meta":{"_et_pb_use_builder":"on","_et_pb_old_content":"","_et_gb_content_width":"","footnotes":""},"project_category":[2916],"project_tag":[],"class_list":["post-6658","project","type-project","status-publish","has-post-thumbnail","hentry","project_category-ayudas-y-subvenciones-finalizadas-va"],"yoast_head":"<!-- This site is optimized with the Yoast SEO plugin v27.3 - https:\/\/yoast.com\/product\/yoast-seo-wordpress\/ -->\n<title>AYUDAS IVACE ASESORA CV 2021 - Confecomer\u00e7<\/title>\n<meta name=\"robots\" content=\"index, follow, max-snippet:-1, max-image-preview:large, max-video-preview:-1\" \/>\n<link rel=\"canonical\" href=\"https:\/\/confecomerc.es\/va\/project\/ayudas-ivace-asesora-cv-2021\/\" \/>\n<meta property=\"og:locale\" content=\"en_US\" \/>\n<meta property=\"og:type\" content=\"article\" \/>\n<meta property=\"og:title\" content=\"AYUDAS IVACE ASESORA CV 2021 - Confecomer\u00e7\" \/>\n<meta property=\"og:description\" content=\"Subvenci\u00f3n de hasta el 100% del gasto de la contrataci\u00f3n de los servicios de asesoramiento especializado, con un l\u00edmite de ayuda por solicitud de 50.000 \u20ac, para apoyar el desarrollo de planes empresariales para el crecimiento de las peque\u00f1as empresas innovadoras de la Comunidad Valenciana. Se apoyar\u00e1 el asesoramiento en: \u00a0\u00a0 \u00a0-Diagn\u00f3stico estrat\u00e9gico \u00a0\u00a0 \u00a0-Modelo de negocio \u00a0\u00a0 \u00a0-Marketing y comercializaci\u00f3n \u00a0\u00a0 \u00a0-Organizaci\u00f3n y procesos \u00a0\u00a0 \u00a0-Gesti\u00f3n econ\u00f3mico-financiera \u00a0\u00a0 \u00a0-Definici\u00f3n de cuadros de mando \u00a0 \u00a0\u00a0 No podr\u00e1n comenzar a ejecutarse antes de presentar la solicitud de la ayuda. Importe m\u00ednimo 3.000 \u20ac, coste m\u00e1ximo subvencionable de la hora del asesoramiento ser\u00e1 de 60 \u20ac.Peque\u00f1as empresas innovadoras de la Comunitat Valenciana con una antig\u00fcedad inferior a 5 a\u00f1osHasta el 15 de marzo de 2021.\" \/>\n<meta property=\"og:url\" content=\"https:\/\/confecomerc.es\/va\/project\/ayudas-ivace-asesora-cv-2021\/\" \/>\n<meta property=\"og:site_name\" content=\"Confecomer\u00e7\" \/>\n<meta property=\"article:modified_time\" content=\"2021-02-19T09:34:05+00:00\" \/>\n<meta property=\"og:image\" content=\"https:\/\/i0.wp.com\/confecomerc.es\/wp-content\/uploads\/2021\/02\/ivace.png?fit=500%2C300&ssl=1\" \/>\n\t<meta property=\"og:image:width\" content=\"500\" \/>\n\t<meta property=\"og:image:height\" content=\"300\" \/>\n\t<meta property=\"og:image:type\" content=\"image\/png\" \/>\n<meta name=\"twitter:card\" content=\"summary_large_image\" \/>\n<meta name=\"twitter:label1\" content=\"Est. reading time\" \/>\n\t<meta name=\"twitter:data1\" content=\"2 minutes\" \/>\n<script type=\"application\/ld+json\" class=\"yoast-schema-graph\">{\"@context\":\"https:\\\/\\\/schema.org\",\"@graph\":[{\"@type\":\"WebPage\",\"@id\":\"https:\\\/\\\/confecomerc.es\\\/va\\\/project\\\/ayudas-ivace-asesora-cv-2021\\\/\",\"url\":\"https:\\\/\\\/confecomerc.es\\\/va\\\/project\\\/ayudas-ivace-asesora-cv-2021\\\/\",\"name\":\"AYUDAS IVACE ASESORA CV 2021 - Confecomer\u00e7\",\"isPartOf\":{\"@id\":\"https:\\\/\\\/confecomerc.es\\\/#website\"},\"primaryImageOfPage\":{\"@id\":\"https:\\\/\\\/confecomerc.es\\\/va\\\/project\\\/ayudas-ivace-asesora-cv-2021\\\/#primaryimage\"},\"image\":{\"@id\":\"https:\\\/\\\/confecomerc.es\\\/va\\\/project\\\/ayudas-ivace-asesora-cv-2021\\\/#primaryimage\"},\"thumbnailUrl\":\"https:\\\/\\\/confecomerc.es\\\/wp-content\\\/uploads\\\/2021\\\/02\\\/ivace.png\",\"datePublished\":\"2021-02-19T09:02:46+00:00\",\"dateModified\":\"2021-02-19T09:34:05+00:00\",\"breadcrumb\":{\"@id\":\"https:\\\/\\\/confecomerc.es\\\/va\\\/project\\\/ayudas-ivace-asesora-cv-2021\\\/#breadcrumb\"},\"inLanguage\":\"va-VA\",\"potentialAction\":[{\"@type\":\"ReadAction\",\"target\":[\"https:\\\/\\\/confecomerc.es\\\/va\\\/project\\\/ayudas-ivace-asesora-cv-2021\\\/\"]}]},{\"@type\":\"ImageObject\",\"inLanguage\":\"va-VA\",\"@id\":\"https:\\\/\\\/confecomerc.es\\\/va\\\/project\\\/ayudas-ivace-asesora-cv-2021\\\/#primaryimage\",\"url\":\"https:\\\/\\\/confecomerc.es\\\/wp-content\\\/uploads\\\/2021\\\/02\\\/ivace.png\",\"contentUrl\":\"https:\\\/\\\/confecomerc.es\\\/wp-content\\\/uploads\\\/2021\\\/02\\\/ivace.png\",\"width\":500,\"height\":300,\"caption\":\"ivace\"},{\"@type\":\"BreadcrumbList\",\"@id\":\"https:\\\/\\\/confecomerc.es\\\/va\\\/project\\\/ayudas-ivace-asesora-cv-2021\\\/#breadcrumb\",\"itemListElement\":[{\"@type\":\"ListItem\",\"position\":1,\"name\":\"Home\",\"item\":\"https:\\\/\\\/confecomerc.es\\\/va\\\/confecomerc-cv\\\/\"},{\"@type\":\"ListItem\",\"position\":2,\"name\":\"Projects\",\"item\":\"https:\\\/\\\/confecomerc.es\\\/va\\\/project\\\/\"},{\"@type\":\"ListItem\",\"position\":3,\"name\":\"AYUDAS IVACE ASESORA CV 2021\"}]},{\"@type\":\"WebSite\",\"@id\":\"https:\\\/\\\/confecomerc.es\\\/#website\",\"url\":\"https:\\\/\\\/confecomerc.es\\\/\",\"name\":\"Confecomer\u00e7\",\"description\":\"Confederaci\u00f3 de Comer\u00e7 d\u2019alacant, Castell\u00f3 i Val\u00e8ncia\",\"potentialAction\":[{\"@type\":\"SearchAction\",\"target\":{\"@type\":\"EntryPoint\",\"urlTemplate\":\"https:\\\/\\\/confecomerc.es\\\/?s={search_term_string}\"},\"query-input\":{\"@type\":\"PropertyValueSpecification\",\"valueRequired\":true,\"valueName\":\"search_term_string\"}}],\"inLanguage\":\"va-VA\"}]}<\/script>\n<!-- \/ Yoast SEO plugin. -->","yoast_head_json":{"title":"AYUDAS IVACE ASESORA CV 2021 - Confecomer\u00e7","robots":{"index":"index","follow":"follow","max-snippet":"max-snippet:-1","max-image-preview":"max-image-preview:large","max-video-preview":"max-video-preview:-1"},"canonical":"https:\/\/confecomerc.es\/va\/project\/ayudas-ivace-asesora-cv-2021\/","og_locale":"en_US","og_type":"article","og_title":"AYUDAS IVACE ASESORA CV 2021 - Confecomer\u00e7","og_description":"Subvenci\u00f3n de hasta el 100% del gasto de la contrataci\u00f3n de los servicios de asesoramiento especializado, con un l\u00edmite de ayuda por solicitud de 50.000 \u20ac, para apoyar el desarrollo de planes empresariales para el crecimiento de las peque\u00f1as empresas innovadoras de la Comunidad Valenciana. Se apoyar\u00e1 el asesoramiento en: \u00a0\u00a0 \u00a0-Diagn\u00f3stico estrat\u00e9gico \u00a0\u00a0 \u00a0-Modelo de negocio \u00a0\u00a0 \u00a0-Marketing y comercializaci\u00f3n \u00a0\u00a0 \u00a0-Organizaci\u00f3n y procesos \u00a0\u00a0 \u00a0-Gesti\u00f3n econ\u00f3mico-financiera \u00a0\u00a0 \u00a0-Definici\u00f3n de cuadros de mando \u00a0 \u00a0\u00a0 No podr\u00e1n comenzar a ejecutarse antes de presentar la solicitud de la ayuda. Importe m\u00ednimo 3.000 \u20ac, coste m\u00e1ximo subvencionable de la hora del asesoramiento ser\u00e1 de 60 \u20ac.Peque\u00f1as empresas innovadoras de la Comunitat Valenciana con una antig\u00fcedad inferior a 5 a\u00f1osHasta el 15 de marzo de 2021.","og_url":"https:\/\/confecomerc.es\/va\/project\/ayudas-ivace-asesora-cv-2021\/","og_site_name":"Confecomer\u00e7","article_modified_time":"2021-02-19T09:34:05+00:00","og_image":[{"width":500,"height":300,"url":"https:\/\/i0.wp.com\/confecomerc.es\/wp-content\/uploads\/2021\/02\/ivace.png?fit=500%2C300&ssl=1","type":"image\/png"}],"twitter_card":"summary_large_image","twitter_misc":{"Est. reading time":"2 minutes"},"schema":{"@context":"https:\/\/schema.org","@graph":[{"@type":"WebPage","@id":"https:\/\/confecomerc.es\/va\/project\/ayudas-ivace-asesora-cv-2021\/","url":"https:\/\/confecomerc.es\/va\/project\/ayudas-ivace-asesora-cv-2021\/","name":"AYUDAS IVACE ASESORA CV 2021 - Confecomer\u00e7","isPartOf":{"@id":"https:\/\/confecomerc.es\/#website"},"primaryImageOfPage":{"@id":"https:\/\/confecomerc.es\/va\/project\/ayudas-ivace-asesora-cv-2021\/#primaryimage"},"image":{"@id":"https:\/\/confecomerc.es\/va\/project\/ayudas-ivace-asesora-cv-2021\/#primaryimage"},"thumbnailUrl":"https:\/\/confecomerc.es\/wp-content\/uploads\/2021\/02\/ivace.png","datePublished":"2021-02-19T09:02:46+00:00","dateModified":"2021-02-19T09:34:05+00:00","breadcrumb":{"@id":"https:\/\/confecomerc.es\/va\/project\/ayudas-ivace-asesora-cv-2021\/#breadcrumb"},"inLanguage":"va-VA","potentialAction":[{"@type":"ReadAction","target":["https:\/\/confecomerc.es\/va\/project\/ayudas-ivace-asesora-cv-2021\/"]}]},{"@type":"ImageObject","inLanguage":"va-VA","@id":"https:\/\/confecomerc.es\/va\/project\/ayudas-ivace-asesora-cv-2021\/#primaryimage","url":"https:\/\/confecomerc.es\/wp-content\/uploads\/2021\/02\/ivace.png","contentUrl":"https:\/\/confecomerc.es\/wp-content\/uploads\/2021\/02\/ivace.png","width":500,"height":300,"caption":"ivace"},{"@type":"BreadcrumbList","@id":"https:\/\/confecomerc.es\/va\/project\/ayudas-ivace-asesora-cv-2021\/#breadcrumb","itemListElement":[{"@type":"ListItem","position":1,"name":"Home","item":"https:\/\/confecomerc.es\/va\/confecomerc-cv\/"},{"@type":"ListItem","position":2,"name":"Projects","item":"https:\/\/confecomerc.es\/va\/project\/"},{"@type":"ListItem","position":3,"name":"AYUDAS IVACE ASESORA CV 2021"}]},{"@type":"WebSite","@id":"https:\/\/confecomerc.es\/#website","url":"https:\/\/confecomerc.es\/","name":"Confecomer\u00e7","description":"Confederaci\u00f3 de Comer\u00e7 d\u2019alacant, Castell\u00f3 i Val\u00e8ncia","potentialAction":[{"@type":"SearchAction","target":{"@type":"EntryPoint","urlTemplate":"https:\/\/confecomerc.es\/?s={search_term_string}"},"query-input":{"@type":"PropertyValueSpecification","valueRequired":true,"valueName":"search_term_string"}}],"inLanguage":"va-VA"}]}},"_links":{"self":[{"href":"https:\/\/confecomerc.es\/va\/wp-json\/wp\/v2\/project\/6658","targetHints":{"allow":["GET"]}}],"collection":[{"href":"https:\/\/confecomerc.es\/va\/wp-json\/wp\/v2\/project"}],"about":[{"href":"https:\/\/confecomerc.es\/va\/wp-json\/wp\/v2\/types\/project"}],"author":[{"embeddable":true,"href":"https:\/\/confecomerc.es\/va\/wp-json\/wp\/v2\/users\/1"}],"replies":[{"embeddable":true,"href":"https:\/\/confecomerc.es\/va\/wp-json\/wp\/v2\/comments?post=6658"}],"version-history":[{"count":0,"href":"https:\/\/confecomerc.es\/va\/wp-json\/wp\/v2\/project\/6658\/revisions"}],"wp:featuredmedia":[{"embeddable":true,"href":"https:\/\/confecomerc.es\/va\/wp-json\/wp\/v2\/media\/6664"}],"wp:attachment":[{"href":"https:\/\/confecomerc.es\/va\/wp-json\/wp\/v2\/media?parent=6658"}],"wp:term":[{"taxonomy":"project_category","embeddable":true,"href":"https:\/\/confecomerc.es\/va\/wp-json\/wp\/v2\/project_category?post=6658"},{"taxonomy":"project_tag","embeddable":true,"href":"https:\/\/confecomerc.es\/va\/wp-json\/wp\/v2\/project_tag?post=6658"}],"curies":[{"name":"wp","href":"https:\/\/api.w.org\/{rel}","templated":true}]}}