{"id":6693,"date":"2021-02-19T10:36:48","date_gmt":"2021-02-19T09:36:48","guid":{"rendered":"https:\/\/confecomerc.es\/?post_type=project&#038;p=6693"},"modified":"2021-02-19T10:36:56","modified_gmt":"2021-02-19T09:36:56","slug":"avalem-comerc-rural","status":"publish","type":"project","link":"https:\/\/confecomerc.es\/va\/project\/avalem-comerc-rural\/","title":{"rendered":"AVALEM COMER\u00c7 RURAL"},"content":{"rendered":"<p>[et_pb_section fb_built=&#8221;1&#8243; _builder_version=&#8221;4.8.0&#8243; _module_preset=&#8221;default&#8221; background_color=&#8221;#204093&#8243; custom_padding=&#8221;20px||7px|||&#8221;][et_pb_row _builder_version=&#8221;4.8.0&#8243; _module_preset=&#8221;default&#8221;][et_pb_column type=&#8221;4_4&#8243; _builder_version=&#8221;4.8.0&#8243; _module_preset=&#8221;default&#8221;][et_pb_post_title featured_image=&#8221;off&#8221; _builder_version=&#8221;4.8.0&#8243; _module_preset=&#8221;default&#8221; title_text_color=&#8221;#FFFFFF&#8221; title_font_size=&#8221;38px&#8221; meta_text_color=&#8221;#FFFFFF&#8221; meta_font_size=&#8221;16px&#8221;][\/et_pb_post_title][\/et_pb_column][\/et_pb_row][\/et_pb_section][et_pb_section fb_built=&#8221;1&#8243; _builder_version=&#8221;4.8.0&#8243; _module_preset=&#8221;default&#8221; custom_padding=&#8221;36px|||||&#8221;][et_pb_row column_structure=&#8221;1_3,2_3&#8243; _builder_version=&#8221;4.8.0&#8243; _module_preset=&#8221;default&#8221;][et_pb_column type=&#8221;1_3&#8243; _builder_version=&#8221;4.8.0&#8243; _module_preset=&#8221;default&#8221;][et_pb_image src=&#8221;@ET-DC@eyJkeW5hbWljIjp0cnVlLCJjb250ZW50IjoicG9zdF9mZWF0dXJlZF9pbWFnZSIsInNldHRpbmdzIjp7fX0=@&#8221; _builder_version=&#8221;4.8.0&#8243; _dynamic_attributes=&#8221;src&#8221; _module_preset=&#8221;default&#8221;][\/et_pb_image][\/et_pb_column][et_pb_column type=&#8221;2_3&#8243; _builder_version=&#8221;4.8.0&#8243; _module_preset=&#8221;default&#8221;][dsm_text_divider header=&#8221;DESCRIPCI\u00d3N&#8221; _builder_version=&#8221;4.8.0&#8243; _module_preset=&#8221;default&#8221; custom_margin=&#8221;||16px|||&#8221;][\/dsm_text_divider][et_pb_text _builder_version=&#8221;4.8.0&#8243; _module_preset=&#8221;default&#8221;]<\/p>\n<p>Inversiones en <strong>equipamiento para el establecimiento comercial<\/strong>, incluyendo las aplicaciones inform\u00e1ticas y los gastos derivados de la creaci\u00f3n de una p\u00e1gina web, vinculada al establecimiento, si su fin es implantar la venta online segura o su integraci\u00f3n en una plataforma en l\u00ednea de comercio electr\u00f3nico.<\/p>\n<p>Hasta el 60% con el l\u00edmite, por solicitante, de 20.000 euros en 3 a\u00f1os.<\/p>\n<p>&nbsp;<\/p>\n<p>[\/et_pb_text][\/et_pb_column][\/et_pb_row][et_pb_row column_structure=&#8221;1_2,1_2&#8243; _builder_version=&#8221;4.8.0&#8243; _module_preset=&#8221;default&#8221;][et_pb_column type=&#8221;1_2&#8243; _builder_version=&#8221;4.8.0&#8243; _module_preset=&#8221;default&#8221;][dsm_text_divider header=&#8221;BENEFICIARIOS&#8221; _builder_version=&#8221;4.8.0&#8243; _module_preset=&#8221;default&#8221; custom_margin=&#8221;||16px|||&#8221;][\/dsm_text_divider][et_pb_text _builder_version=&#8221;4.8.0&#8243; _module_preset=&#8221;default&#8221; hover_enabled=&#8221;0&#8243; sticky_enabled=&#8221;0&#8243;]<\/p>\n<p>Personas f\u00edsicas y pymes o micropymes:<\/p>\n<p>1. Que NO sean agrupaciones de personas f\u00edsicas o jur\u00eddicas, p\u00fablicas o privadas, sociedades civiles, comunidades de bienes, o cualquier otro tipo de unidad econ\u00f3mica o patrimonio separado sin personalidad jur\u00eddica propia.<\/p>\n<p>2. Y que ejerzan o vayan a ejercer la actividad comercial en la Comunitat Valenciana, en alguna de las siguientes seg\u00fan:<br \/>&#8211; CNAE: Secci\u00f3n G, Divisi\u00f3n 47, excepto los grupos y clases 4726, 473, 4773, 478 y 479.<br \/>&#8211; IAE: Secci\u00f3n Primera, Divisi\u00f3n 6, Agrupaci\u00f3n 64, excepto el grupo 646 y el ep\u00edgrafe 647.5; y Agrupaci\u00f3n 65, excepto el ep\u00edgrafe 652.1 y los grupos 654 y 655<\/p>\n<p>Los establecimientos deben estar ubicados, o a implantar, en los <strong>municipios de menos de 1.000 habitantes de la Comunitat Valenciana<\/strong>. Estos establecimientos podr\u00e1n estar ubicados en espacios multiservicio de propiedad p\u00fablica o privada.<\/p>\n<p>&nbsp;<\/p>\n<p>[\/et_pb_text][\/et_pb_column][et_pb_column type=&#8221;1_2&#8243; _builder_version=&#8221;4.8.0&#8243; _module_preset=&#8221;default&#8221;][dsm_text_divider header=&#8221;PLAZO&#8221; _builder_version=&#8221;4.8.0&#8243; _module_preset=&#8221;default&#8221; custom_margin=&#8221;||16px|||&#8221;][\/dsm_text_divider][et_pb_text _builder_version=&#8221;4.8.0&#8243; _module_preset=&#8221;default&#8221; hover_enabled=&#8221;0&#8243; sticky_enabled=&#8221;0&#8243;]<\/p>\n<p style=\"text-align: center;\">Hasta el 1 febrero 2021<\/p>\n<p>[\/et_pb_text][\/et_pb_column][\/et_pb_row][et_pb_row _builder_version=&#8221;4.8.0&#8243; _module_preset=&#8221;default&#8221;][et_pb_column type=&#8221;4_4&#8243; _builder_version=&#8221;4.8.0&#8243; _module_preset=&#8221;default&#8221;][et_pb_button button_url=&#8221;Link https:\/\/www.gva.es\/es\/inicio\/procedimientos?id_proc=19924&#038;version=amp&#8221; button_text=&#8221;ACCEDE AL RECURSO&#8221; button_alignment=&#8221;center&#8221; _builder_version=&#8221;4.8.0&#8243; _module_preset=&#8221;default&#8221; hover_enabled=&#8221;0&#8243; sticky_enabled=&#8221;0&#8243;][\/et_pb_button][\/et_pb_column][\/et_pb_row][\/et_pb_section]<\/p>\n","protected":false},"excerpt":{"rendered":"<p><div class=\"et_pb_module dsm_text_divider dsm_text_divider_0\">\n\t\t\t\t\n\t\t\t\t\n\t\t\t\t\n\t\t\t\t\n\t\t\t\t\n\t\t\t\t\n\t\t\t\t<div class=\"et_pb_module_inner\">\n\t\t\t\t\t<div class=\"dsm-text-divider-wrapper dsm-text-divider-align-center et_pb_bg_layout_light\">\n\t\t\t\t\n\t\t\t\t\n\t\t\t\t<div class=\"dsm-text-divider-before dsm-divider\"><\/div>\n\t\t\t\t<h3 class=\"dsm-text-divider-header et_pb_module_header\"><span>DESCRIPCI\u00d3N<\/span><\/h3>\n\t\t\t\t<div class=\"dsm-text-divider-after dsm-divider\"><\/div>\n\t\t\t<\/div>\n\t\t\t\t<\/div>\n\t\t\t<\/div>Inversiones en equipamiento para el establecimiento comercial, incluyendo las aplicaciones inform\u00e1ticas y los gastos derivados de la creaci\u00f3n de una p\u00e1gina web, vinculada al establecimiento, si su fin es implantar la venta online segura o su integraci\u00f3n en una plataforma en l\u00ednea de comercio electr\u00f3nico. Hasta el 60% con el l\u00edmite, por solicitante, de 20.000 euros en 3 a\u00f1os. &nbsp;<div class=\"et_pb_module dsm_text_divider dsm_text_divider_1\">\n\t\t\t\t\n\t\t\t\t\n\t\t\t\t\n\t\t\t\t\n\t\t\t\t\n\t\t\t\t\n\t\t\t\t<div class=\"et_pb_module_inner\">\n\t\t\t\t\t<div class=\"dsm-text-divider-wrapper dsm-text-divider-align-center et_pb_bg_layout_light\">\n\t\t\t\t\n\t\t\t\t\n\t\t\t\t<div class=\"dsm-text-divider-before dsm-divider\"><\/div>\n\t\t\t\t<h3 class=\"dsm-text-divider-header et_pb_module_header\"><span>BENEFICIARIOS<\/span><\/h3>\n\t\t\t\t<div class=\"dsm-text-divider-after dsm-divider\"><\/div>\n\t\t\t<\/div>\n\t\t\t\t<\/div>\n\t\t\t<\/div>Personas f\u00edsicas y pymes o micropymes: 1. Que NO sean agrupaciones de personas f\u00edsicas o jur\u00eddicas, p\u00fablicas o privadas, sociedades civiles, comunidades de bienes, o cualquier otro tipo de unidad econ\u00f3mica o patrimonio separado sin personalidad jur\u00eddica propia. 2. Y que ejerzan o vayan a ejercer la actividad comercial en la Comunitat Valenciana, en alguna de las siguientes seg\u00fan:- CNAE: Secci\u00f3n G, Divisi\u00f3n 47, excepto los grupos y clases 4726, 473, 4773, 478 y 479.- IAE: Secci\u00f3n Primera, Divisi\u00f3n 6, Agrupaci\u00f3n 64, excepto el grupo 646 y el ep\u00edgrafe 647.5; y Agrupaci\u00f3n 65, excepto el ep\u00edgrafe 652.1 y los grupos 654 y 655 Los establecimientos deben estar ubicados, o a implantar, en los municipios de menos de 1.000 habitantes de la Comunitat Valenciana. Estos establecimientos podr\u00e1n estar ubicados en espacios multiservicio de propiedad [&hellip;]<\/p>\n","protected":false},"author":1,"featured_media":6679,"comment_status":"closed","ping_status":"closed","template":"","meta":{"_et_pb_use_builder":"on","_et_pb_old_content":"","_et_gb_content_width":"","footnotes":""},"project_category":[2916],"project_tag":[],"class_list":["post-6693","project","type-project","status-publish","has-post-thumbnail","hentry","project_category-ayudas-y-subvenciones-finalizadas-va"],"yoast_head":"<!-- This site is optimized with the Yoast SEO plugin v27.3 - https:\/\/yoast.com\/product\/yoast-seo-wordpress\/ -->\n<title>AVALEM COMER\u00c7 RURAL - Confecomer\u00e7<\/title>\n<meta name=\"robots\" content=\"index, follow, max-snippet:-1, max-image-preview:large, max-video-preview:-1\" \/>\n<link rel=\"canonical\" href=\"https:\/\/confecomerc.es\/va\/project\/avalem-comerc-rural\/\" \/>\n<meta property=\"og:locale\" content=\"en_US\" \/>\n<meta property=\"og:type\" content=\"article\" \/>\n<meta property=\"og:title\" content=\"AVALEM COMER\u00c7 RURAL - Confecomer\u00e7\" \/>\n<meta property=\"og:description\" content=\"Inversiones en equipamiento para el establecimiento comercial, incluyendo las aplicaciones inform\u00e1ticas y los gastos derivados de la creaci\u00f3n de una p\u00e1gina web, vinculada al establecimiento, si su fin es implantar la venta online segura o su integraci\u00f3n en una plataforma en l\u00ednea de comercio electr\u00f3nico. Hasta el 60% con el l\u00edmite, por solicitante, de 20.000 euros en 3 a\u00f1os. &nbsp;Personas f\u00edsicas y pymes o micropymes: 1. Que NO sean agrupaciones de personas f\u00edsicas o jur\u00eddicas, p\u00fablicas o privadas, sociedades civiles, comunidades de bienes, o cualquier otro tipo de unidad econ\u00f3mica o patrimonio separado sin personalidad jur\u00eddica propia. 2. Y que ejerzan o vayan a ejercer la actividad comercial en la Comunitat Valenciana, en alguna de las siguientes seg\u00fan:- CNAE: Secci\u00f3n G, Divisi\u00f3n 47, excepto los grupos y clases 4726, 473, 4773, 478 y 479.- IAE: Secci\u00f3n Primera, Divisi\u00f3n 6, Agrupaci\u00f3n 64, excepto el grupo 646 y el ep\u00edgrafe 647.5; y Agrupaci\u00f3n 65, excepto el ep\u00edgrafe 652.1 y los grupos 654 y 655 Los establecimientos deben estar ubicados, o a implantar, en los municipios de menos de 1.000 habitantes de la Comunitat Valenciana. Estos establecimientos podr\u00e1n estar ubicados en espacios multiservicio de propiedad [&hellip;]\" \/>\n<meta property=\"og:url\" content=\"https:\/\/confecomerc.es\/va\/project\/avalem-comerc-rural\/\" \/>\n<meta property=\"og:site_name\" content=\"Confecomer\u00e7\" \/>\n<meta property=\"article:modified_time\" content=\"2021-02-19T09:36:56+00:00\" \/>\n<meta property=\"og:image\" content=\"https:\/\/i0.wp.com\/confecomerc.es\/wp-content\/uploads\/2021\/02\/GVA.jpg?fit=500%2C300&ssl=1\" \/>\n\t<meta property=\"og:image:width\" content=\"500\" \/>\n\t<meta property=\"og:image:height\" content=\"300\" \/>\n\t<meta property=\"og:image:type\" content=\"image\/jpeg\" \/>\n<meta name=\"twitter:card\" content=\"summary_large_image\" \/>\n<meta name=\"twitter:label1\" content=\"Est. reading time\" \/>\n\t<meta name=\"twitter:data1\" content=\"3 minutes\" \/>\n<script type=\"application\/ld+json\" class=\"yoast-schema-graph\">{\"@context\":\"https:\\\/\\\/schema.org\",\"@graph\":[{\"@type\":\"WebPage\",\"@id\":\"https:\\\/\\\/confecomerc.es\\\/va\\\/project\\\/avalem-comerc-rural\\\/\",\"url\":\"https:\\\/\\\/confecomerc.es\\\/va\\\/project\\\/avalem-comerc-rural\\\/\",\"name\":\"AVALEM COMER\u00c7 RURAL - Confecomer\u00e7\",\"isPartOf\":{\"@id\":\"https:\\\/\\\/confecomerc.es\\\/#website\"},\"primaryImageOfPage\":{\"@id\":\"https:\\\/\\\/confecomerc.es\\\/va\\\/project\\\/avalem-comerc-rural\\\/#primaryimage\"},\"image\":{\"@id\":\"https:\\\/\\\/confecomerc.es\\\/va\\\/project\\\/avalem-comerc-rural\\\/#primaryimage\"},\"thumbnailUrl\":\"https:\\\/\\\/confecomerc.es\\\/wp-content\\\/uploads\\\/2021\\\/02\\\/GVA.jpg\",\"datePublished\":\"2021-02-19T09:36:48+00:00\",\"dateModified\":\"2021-02-19T09:36:56+00:00\",\"breadcrumb\":{\"@id\":\"https:\\\/\\\/confecomerc.es\\\/va\\\/project\\\/avalem-comerc-rural\\\/#breadcrumb\"},\"inLanguage\":\"va-VA\",\"potentialAction\":[{\"@type\":\"ReadAction\",\"target\":[\"https:\\\/\\\/confecomerc.es\\\/va\\\/project\\\/avalem-comerc-rural\\\/\"]}]},{\"@type\":\"ImageObject\",\"inLanguage\":\"va-VA\",\"@id\":\"https:\\\/\\\/confecomerc.es\\\/va\\\/project\\\/avalem-comerc-rural\\\/#primaryimage\",\"url\":\"https:\\\/\\\/confecomerc.es\\\/wp-content\\\/uploads\\\/2021\\\/02\\\/GVA.jpg\",\"contentUrl\":\"https:\\\/\\\/confecomerc.es\\\/wp-content\\\/uploads\\\/2021\\\/02\\\/GVA.jpg\",\"width\":500,\"height\":300,\"caption\":\"GVA\"},{\"@type\":\"BreadcrumbList\",\"@id\":\"https:\\\/\\\/confecomerc.es\\\/va\\\/project\\\/avalem-comerc-rural\\\/#breadcrumb\",\"itemListElement\":[{\"@type\":\"ListItem\",\"position\":1,\"name\":\"Home\",\"item\":\"https:\\\/\\\/confecomerc.es\\\/va\\\/confecomerc-cv\\\/\"},{\"@type\":\"ListItem\",\"position\":2,\"name\":\"Projects\",\"item\":\"https:\\\/\\\/confecomerc.es\\\/va\\\/project\\\/\"},{\"@type\":\"ListItem\",\"position\":3,\"name\":\"AVALEM COMER\u00c7 RURAL\"}]},{\"@type\":\"WebSite\",\"@id\":\"https:\\\/\\\/confecomerc.es\\\/#website\",\"url\":\"https:\\\/\\\/confecomerc.es\\\/\",\"name\":\"Confecomer\u00e7\",\"description\":\"Confederaci\u00f3 de Comer\u00e7 d\u2019alacant, Castell\u00f3 i Val\u00e8ncia\",\"potentialAction\":[{\"@type\":\"SearchAction\",\"target\":{\"@type\":\"EntryPoint\",\"urlTemplate\":\"https:\\\/\\\/confecomerc.es\\\/?s={search_term_string}\"},\"query-input\":{\"@type\":\"PropertyValueSpecification\",\"valueRequired\":true,\"valueName\":\"search_term_string\"}}],\"inLanguage\":\"va-VA\"}]}<\/script>\n<!-- \/ Yoast SEO plugin. -->","yoast_head_json":{"title":"AVALEM COMER\u00c7 RURAL - Confecomer\u00e7","robots":{"index":"index","follow":"follow","max-snippet":"max-snippet:-1","max-image-preview":"max-image-preview:large","max-video-preview":"max-video-preview:-1"},"canonical":"https:\/\/confecomerc.es\/va\/project\/avalem-comerc-rural\/","og_locale":"en_US","og_type":"article","og_title":"AVALEM COMER\u00c7 RURAL - Confecomer\u00e7","og_description":"Inversiones en equipamiento para el establecimiento comercial, incluyendo las aplicaciones inform\u00e1ticas y los gastos derivados de la creaci\u00f3n de una p\u00e1gina web, vinculada al establecimiento, si su fin es implantar la venta online segura o su integraci\u00f3n en una plataforma en l\u00ednea de comercio electr\u00f3nico. Hasta el 60% con el l\u00edmite, por solicitante, de 20.000 euros en 3 a\u00f1os. &nbsp;Personas f\u00edsicas y pymes o micropymes: 1. Que NO sean agrupaciones de personas f\u00edsicas o jur\u00eddicas, p\u00fablicas o privadas, sociedades civiles, comunidades de bienes, o cualquier otro tipo de unidad econ\u00f3mica o patrimonio separado sin personalidad jur\u00eddica propia. 2. Y que ejerzan o vayan a ejercer la actividad comercial en la Comunitat Valenciana, en alguna de las siguientes seg\u00fan:- CNAE: Secci\u00f3n G, Divisi\u00f3n 47, excepto los grupos y clases 4726, 473, 4773, 478 y 479.- IAE: Secci\u00f3n Primera, Divisi\u00f3n 6, Agrupaci\u00f3n 64, excepto el grupo 646 y el ep\u00edgrafe 647.5; y Agrupaci\u00f3n 65, excepto el ep\u00edgrafe 652.1 y los grupos 654 y 655 Los establecimientos deben estar ubicados, o a implantar, en los municipios de menos de 1.000 habitantes de la Comunitat Valenciana. Estos establecimientos podr\u00e1n estar ubicados en espacios multiservicio de propiedad [&hellip;]","og_url":"https:\/\/confecomerc.es\/va\/project\/avalem-comerc-rural\/","og_site_name":"Confecomer\u00e7","article_modified_time":"2021-02-19T09:36:56+00:00","og_image":[{"width":500,"height":300,"url":"https:\/\/i0.wp.com\/confecomerc.es\/wp-content\/uploads\/2021\/02\/GVA.jpg?fit=500%2C300&ssl=1","type":"image\/jpeg"}],"twitter_card":"summary_large_image","twitter_misc":{"Est. reading time":"3 minutes"},"schema":{"@context":"https:\/\/schema.org","@graph":[{"@type":"WebPage","@id":"https:\/\/confecomerc.es\/va\/project\/avalem-comerc-rural\/","url":"https:\/\/confecomerc.es\/va\/project\/avalem-comerc-rural\/","name":"AVALEM COMER\u00c7 RURAL - Confecomer\u00e7","isPartOf":{"@id":"https:\/\/confecomerc.es\/#website"},"primaryImageOfPage":{"@id":"https:\/\/confecomerc.es\/va\/project\/avalem-comerc-rural\/#primaryimage"},"image":{"@id":"https:\/\/confecomerc.es\/va\/project\/avalem-comerc-rural\/#primaryimage"},"thumbnailUrl":"https:\/\/confecomerc.es\/wp-content\/uploads\/2021\/02\/GVA.jpg","datePublished":"2021-02-19T09:36:48+00:00","dateModified":"2021-02-19T09:36:56+00:00","breadcrumb":{"@id":"https:\/\/confecomerc.es\/va\/project\/avalem-comerc-rural\/#breadcrumb"},"inLanguage":"va-VA","potentialAction":[{"@type":"ReadAction","target":["https:\/\/confecomerc.es\/va\/project\/avalem-comerc-rural\/"]}]},{"@type":"ImageObject","inLanguage":"va-VA","@id":"https:\/\/confecomerc.es\/va\/project\/avalem-comerc-rural\/#primaryimage","url":"https:\/\/confecomerc.es\/wp-content\/uploads\/2021\/02\/GVA.jpg","contentUrl":"https:\/\/confecomerc.es\/wp-content\/uploads\/2021\/02\/GVA.jpg","width":500,"height":300,"caption":"GVA"},{"@type":"BreadcrumbList","@id":"https:\/\/confecomerc.es\/va\/project\/avalem-comerc-rural\/#breadcrumb","itemListElement":[{"@type":"ListItem","position":1,"name":"Home","item":"https:\/\/confecomerc.es\/va\/confecomerc-cv\/"},{"@type":"ListItem","position":2,"name":"Projects","item":"https:\/\/confecomerc.es\/va\/project\/"},{"@type":"ListItem","position":3,"name":"AVALEM COMER\u00c7 RURAL"}]},{"@type":"WebSite","@id":"https:\/\/confecomerc.es\/#website","url":"https:\/\/confecomerc.es\/","name":"Confecomer\u00e7","description":"Confederaci\u00f3 de Comer\u00e7 d\u2019alacant, Castell\u00f3 i Val\u00e8ncia","potentialAction":[{"@type":"SearchAction","target":{"@type":"EntryPoint","urlTemplate":"https:\/\/confecomerc.es\/?s={search_term_string}"},"query-input":{"@type":"PropertyValueSpecification","valueRequired":true,"valueName":"search_term_string"}}],"inLanguage":"va-VA"}]}},"_links":{"self":[{"href":"https:\/\/confecomerc.es\/va\/wp-json\/wp\/v2\/project\/6693","targetHints":{"allow":["GET"]}}],"collection":[{"href":"https:\/\/confecomerc.es\/va\/wp-json\/wp\/v2\/project"}],"about":[{"href":"https:\/\/confecomerc.es\/va\/wp-json\/wp\/v2\/types\/project"}],"author":[{"embeddable":true,"href":"https:\/\/confecomerc.es\/va\/wp-json\/wp\/v2\/users\/1"}],"replies":[{"embeddable":true,"href":"https:\/\/confecomerc.es\/va\/wp-json\/wp\/v2\/comments?post=6693"}],"version-history":[{"count":0,"href":"https:\/\/confecomerc.es\/va\/wp-json\/wp\/v2\/project\/6693\/revisions"}],"wp:featuredmedia":[{"embeddable":true,"href":"https:\/\/confecomerc.es\/va\/wp-json\/wp\/v2\/media\/6679"}],"wp:attachment":[{"href":"https:\/\/confecomerc.es\/va\/wp-json\/wp\/v2\/media?parent=6693"}],"wp:term":[{"taxonomy":"project_category","embeddable":true,"href":"https:\/\/confecomerc.es\/va\/wp-json\/wp\/v2\/project_category?post=6693"},{"taxonomy":"project_tag","embeddable":true,"href":"https:\/\/confecomerc.es\/va\/wp-json\/wp\/v2\/project_tag?post=6693"}],"curies":[{"name":"wp","href":"https:\/\/api.w.org\/{rel}","templated":true}]}}